{"id":215,"date":"2018-10-11T10:57:44","date_gmt":"2018-10-11T08:57:44","guid":{"rendered":"https:\/\/www.ecam.be\/?page_id=215"},"modified":"2025-08-26T14:07:28","modified_gmt":"2025-08-26T12:07:28","slug":"service-social","status":"publish","type":"page","link":"https:\/\/www.ecam.be\/en\/service-social\/","title":{"rendered":"Social Services"},"content":{"rendered":"<p>[et_pb_section fb_built=\u00a0\u00bb1&Prime; _builder_version=\u00a0\u00bb4.16&Prime; global_colors_info=\u00a0\u00bb{}\u00a0\u00bb][et_pb_row _builder_version=\u00a0\u00bb4.16&Prime; global_colors_info=\u00a0\u00bb{}\u00a0\u00bb][et_pb_column type=\u00a0\u00bb4_4&Prime; _builder_version=\u00a0\u00bb4.16&Prime; custom_padding=\u00a0\u00bb|||\u00a0\u00bb global_colors_info=\u00a0\u00bb{}\u00a0\u00bb custom_padding__hover=\u00a0\u00bb|||\u00a0\u00bb][et_pb_text _builder_version=\u00a0\u00bb4.16&Prime; text_font=\u00a0\u00bbSaira Extra Condensed||||||||\u00a0\u00bb text_text_color=\u00a0\u00bb#1d2a85&Prime; text_font_size=\u00a0\u00bb40px\u00a0\u00bb global_colors_info=\u00a0\u00bb{}\u00a0\u00bb]Le service social : une ressource pour l&rsquo;\u00e9tudiant<br \/>\n[\/et_pb_text][\/et_pb_column][\/et_pb_row][et_pb_row _builder_version=\u00a0\u00bb4.16&Prime; custom_padding=\u00a0\u00bb30px|0px|0|0px|false|false\u00a0\u00bb global_colors_info=\u00a0\u00bb{}\u00a0\u00bb][et_pb_column type=\u00a0\u00bb4_4&Prime; _builder_version=\u00a0\u00bb4.16&Prime; custom_padding=\u00a0\u00bb|||\u00a0\u00bb global_colors_info=\u00a0\u00bb{}\u00a0\u00bb custom_padding__hover=\u00a0\u00bb|||\u00a0\u00bb][et_pb_text _builder_version=\u00a0\u00bb4.16&Prime; text_font=\u00a0\u00bbPoppins||||||||\u00a0\u00bb global_colors_info=\u00a0\u00bb{}\u00a0\u00bb]<\/p>\n<p><span data-contrast=\"auto\">Ch\u00e8re Etudiante, Cher Etudiant,<\/span><span data-ccp-props=\"{&quot;201341983&quot;:0,&quot;335559739&quot;:160,&quot;335559740&quot;:256}\">\u00a0<\/span><\/p>\n<p aria-level=\"2\"><span data-contrast=\"auto\">Le service social est un lieu d\u2019\u00e9coute ouvert \u00e0 tous et \u00e0 tout type de demande. Tu y trouveras un accompagnement dans la r\u00e9solution de tes difficult\u00e9s ainsi qu\u2019une multitude d\u2019informations utiles.<\/span><span data-ccp-props=\"{&quot;134233117&quot;:true,&quot;134233118&quot;:true,&quot;134245418&quot;:true,&quot;201341983&quot;:0,&quot;335551550&quot;:1,&quot;335551620&quot;:1,&quot;335559738&quot;:120,&quot;335559739&quot;:0,&quot;335559740&quot;:240}\">\u00a0<\/span><\/p>\n<p><span data-contrast=\"auto\">La confidentialit\u00e9 totale des entretiens est garantie gr\u00e2ce au secret professionnel auquel est tenue l\u2019assistante sociale. Chacun s\u2019approprie cet espace de parole, d\u2019\u00e9coute et d\u2019action \u00e0 sa fa\u00e7on.<\/span><span data-ccp-props=\"{&quot;201341983&quot;:0,&quot;335559739&quot;:0,&quot;335559740&quot;:256}\">\u00a0<\/span><\/p>\n<p><span data-ccp-props=\"{&quot;201341983&quot;:0,&quot;335559739&quot;:0,&quot;335559740&quot;:256}\"><\/span><\/p>\n<p><b><span data-contrast=\"auto\">Aides propos\u00e9es\u202fpar le service social :\u00a0<\/span><\/b><span data-ccp-props=\"{&quot;201341983&quot;:0,&quot;335559739&quot;:40,&quot;335559740&quot;:256}\">\u00a0<\/span><\/p>\n<ul>\n<li data-leveltext=\"\uf0b7\" data-font=\"Symbol\" data-listid=\"3\" data-list-defn-props=\"{&quot;335552541&quot;:1,&quot;335559684&quot;:-2,&quot;335559685&quot;:720,&quot;335559991&quot;:360,&quot;469769226&quot;:&quot;Symbol&quot;,&quot;469769242&quot;:[8226],&quot;469777803&quot;:&quot;left&quot;,&quot;469777804&quot;:&quot;\uf0b7&quot;,&quot;469777815&quot;:&quot;hybridMultilevel&quot;}\" aria-setsize=\"-1\" data-aria-posinset=\"1\" data-aria-level=\"1\"><span data-contrast=\"auto\">Financi\u00e8re\u202f: paiement des frais d\u2019\u00e9tudes (minerval et droits d\u2019inscription), aides financi\u00e8res diverses. Ces aides sont attribu\u00e9es suivant des crit\u00e8res pr\u00e9cis d\u00e9cid\u00e9s par le Conseil Social.<\/span><span data-ccp-props=\"{&quot;201341983&quot;:0,&quot;335559739&quot;:160,&quot;335559740&quot;:256}\">\u00a0<\/span><\/li>\n<\/ul>\n<ul>\n<li data-leveltext=\"\uf0b7\" data-font=\"Symbol\" data-listid=\"3\" data-list-defn-props=\"{&quot;335552541&quot;:1,&quot;335559684&quot;:-2,&quot;335559685&quot;:720,&quot;335559991&quot;:360,&quot;469769226&quot;:&quot;Symbol&quot;,&quot;469769242&quot;:[8226],&quot;469777803&quot;:&quot;left&quot;,&quot;469777804&quot;:&quot;\uf0b7&quot;,&quot;469777815&quot;:&quot;hybridMultilevel&quot;}\" aria-setsize=\"-1\" data-aria-posinset=\"1\" data-aria-level=\"1\"><span data-contrast=\"auto\">Information\u202f: bourse d\u2019\u00e9tudes de la F\u00e9d\u00e9ration Wallonie Bruxelles, \u00e9tudiant de condition modeste, job \u00e9tudiant, sant\u00e9, adresse d\u2019un(e) psychoth\u00e9rapeute\/d\u2019un(e) avocat(e), recherche de logement, etc.<\/span><span data-ccp-props=\"{&quot;201341983&quot;:0,&quot;335559739&quot;:160,&quot;335559740&quot;:256}\">\u00a0<\/span><\/li>\n<\/ul>\n<ul>\n<li data-leveltext=\"\uf0e8\" data-font=\"Wingdings\" data-listid=\"8\" data-list-defn-props=\"{&quot;335551671&quot;:0,&quot;335552541&quot;:1,&quot;335559684&quot;:-2,&quot;335559685&quot;:1080,&quot;335559991&quot;:360,&quot;469769226&quot;:&quot;Wingdings&quot;,&quot;469769242&quot;:[8226],&quot;469777803&quot;:&quot;left&quot;,&quot;469777804&quot;:&quot;\uf0e8&quot;,&quot;469777815&quot;:&quot;hybridMultilevel&quot;}\" aria-setsize=\"-1\" data-aria-posinset=\"0\" data-aria-level=\"1\"><span data-contrast=\"auto\">Le service social affiche r\u00e9guli\u00e8rement sur les valves toutes sortes d\u2019informations utiles pour la vie estudiantine : job \u00e9tudiant, informations li\u00e9es aux aides financi\u00e8res, horaires des permanences, etc.\u00a0<\/span><span data-ccp-props=\"{&quot;201341983&quot;:0,&quot;335559739&quot;:160,&quot;335559740&quot;:256}\">\u00a0<\/span><\/li>\n<\/ul>\n<ul>\n<li data-leveltext=\"\uf0b7\" data-font=\"Symbol\" data-listid=\"3\" data-list-defn-props=\"{&quot;335552541&quot;:1,&quot;335559684&quot;:-2,&quot;335559685&quot;:720,&quot;335559991&quot;:360,&quot;469769226&quot;:&quot;Symbol&quot;,&quot;469769242&quot;:[8226],&quot;469777803&quot;:&quot;left&quot;,&quot;469777804&quot;:&quot;\uf0b7&quot;,&quot;469777815&quot;:&quot;hybridMultilevel&quot;}\" aria-setsize=\"-1\" data-aria-posinset=\"1\" data-aria-level=\"1\"><span data-contrast=\"auto\">Personnelle : conflits familiaux ou autres, difficult\u00e9s relationnelles, d\u00e9pendances, solitude, mal-\u00eatre, etc.<\/span><span data-ccp-props=\"{&quot;201341983&quot;:0,&quot;335559739&quot;:160,&quot;335559740&quot;:256}\">\u00a0<\/span><\/li>\n<\/ul>\n<p><span data-ccp-props=\"{&quot;201341983&quot;:0,&quot;335559739&quot;:40,&quot;335559740&quot;:256}\">\u00a0<\/span><span data-ccp-props=\"{&quot;201341983&quot;:0,&quot;335559739&quot;:40,&quot;335559740&quot;:256}\"><\/span><\/p>\n<h3 class=\"davinci-standardElement-H1\"><\/h3>\n<p>&nbsp;<\/p>\n<p>[\/et_pb_text][\/et_pb_column][\/et_pb_row][et_pb_row column_structure=\u00a0\u00bb1_3,1_3,1_3&Prime; make_equal=\u00a0\u00bbon\u00a0\u00bb _builder_version=\u00a0\u00bb4.16&Prime; module_alignment=\u00a0\u00bbcenter\u00a0\u00bb use_custom_width=\u00a0\u00bbon\u00a0\u00bb global_colors_info=\u00a0\u00bb{}\u00a0\u00bb][et_pb_column type=\u00a0\u00bb1_3&Prime; _builder_version=\u00a0\u00bb4.16&Prime; custom_padding=\u00a0\u00bb|||\u00a0\u00bb global_colors_info=\u00a0\u00bb{}\u00a0\u00bb custom_padding__hover=\u00a0\u00bb|||\u00a0\u00bb][et_pb_blurb title=\u00a0\u00bbAllocations d&rsquo;\u00e9tudes\u00a0\u00bb url=\u00a0\u00bbhttps:\/\/www.ecam.be\/allocations-detudes\/\u00a0\u00bb url_new_window=\u00a0\u00bbon\u00a0\u00bb use_icon=\u00a0\u00bbon\u00a0\u00bb font_icon=\u00a0\u00bb&#xe0e7;||divi||400&Prime; image_icon_width=\u00a0\u00bb50px\u00a0\u00bb _builder_version=\u00a0\u00bb4.16&Prime; header_font=\u00a0\u00bbSaira Extra Condensed|700||on|||||\u00a0\u00bb header_text_color=\u00a0\u00bb#7f918e\u00a0\u00bb header_font_size=\u00a0\u00bb30px\u00a0\u00bb header_letter_spacing=\u00a0\u00bb1px\u00a0\u00bb body_font=\u00a0\u00bbPoppins|300|||||||\u00a0\u00bb body_text_align=\u00a0\u00bbcenter\u00a0\u00bb body_text_color=\u00a0\u00bb#7f918e\u00a0\u00bb body_font_size=\u00a0\u00bb12px\u00a0\u00bb body_letter_spacing=\u00a0\u00bb1px\u00a0\u00bb body_line_height=\u00a0\u00bb1.8em\u00a0\u00bb text_orientation=\u00a0\u00bbcenter\u00a0\u00bb background_layout=\u00a0\u00bbdark\u00a0\u00bb animation_style=\u00a0\u00bbzoom\u00a0\u00bb animation_intensity_zoom=\u00a0\u00bb30%\u00a0\u00bb animation=\u00a0\u00bboff\u00a0\u00bb link_option_url=\u00a0\u00bbhttps:\/\/www.ecam.be\/allocations-detudes\/\u00a0\u00bb link_option_url_new_window=\u00a0\u00bbon\u00a0\u00bb border_style_all=\u00a0\u00bbdashed\u00a0\u00bb icon_font_size=\u00a0\u00bb50px\u00a0\u00bb locked=\u00a0\u00bboff\u00a0\u00bb global_colors_info=\u00a0\u00bb{}\u00a0\u00bb][\/et_pb_blurb][\/et_pb_column][et_pb_column type=\u00a0\u00bb1_3&Prime; _builder_version=\u00a0\u00bb4.16&Prime; custom_padding=\u00a0\u00bb|||\u00a0\u00bb global_colors_info=\u00a0\u00bb{}\u00a0\u00bb custom_padding__hover=\u00a0\u00bb|||\u00a0\u00bb][et_pb_blurb title=\u00a0\u00bbActualit\u00e9\u00a0\u00bb url_new_window=\u00a0\u00bbon\u00a0\u00bb use_icon=\u00a0\u00bbon\u00a0\u00bb font_icon=\u00a0\u00bb&#xe02b;||divi||400&Prime; image_icon_width=\u00a0\u00bb50px\u00a0\u00bb _builder_version=\u00a0\u00bb4.20.4&Prime; header_font=\u00a0\u00bbSaira Extra Condensed|700||on|||||\u00a0\u00bb header_text_color=\u00a0\u00bb#7f918e\u00a0\u00bb header_font_size=\u00a0\u00bb30px\u00a0\u00bb header_letter_spacing=\u00a0\u00bb1px\u00a0\u00bb body_font=\u00a0\u00bbPoppins|300|||||||\u00a0\u00bb body_text_align=\u00a0\u00bbcenter\u00a0\u00bb body_text_color=\u00a0\u00bb#7f918e\u00a0\u00bb body_font_size=\u00a0\u00bb12px\u00a0\u00bb body_letter_spacing=\u00a0\u00bb1px\u00a0\u00bb body_line_height=\u00a0\u00bb1.8em\u00a0\u00bb text_orientation=\u00a0\u00bbcenter\u00a0\u00bb background_layout=\u00a0\u00bbdark\u00a0\u00bb animation_style=\u00a0\u00bbzoom\u00a0\u00bb animation_intensity_zoom=\u00a0\u00bb30%\u00a0\u00bb animation=\u00a0\u00bboff\u00a0\u00bb link_option_url=\u00a0\u00bbhttps:\/\/www.ecam.be\/bruzelle\/\u00a0\u00bb link_option_url_new_window=\u00a0\u00bbon\u00a0\u00bb border_style_all=\u00a0\u00bbdashed\u00a0\u00bb icon_font_size=\u00a0\u00bb50px\u00a0\u00bb locked=\u00a0\u00bboff\u00a0\u00bb global_colors_info=\u00a0\u00bb{}\u00a0\u00bb][\/et_pb_blurb][\/et_pb_column][et_pb_column type=\u00a0\u00bb1_3&Prime; _builder_version=\u00a0\u00bb4.16&Prime; custom_padding=\u00a0\u00bb|||\u00a0\u00bb global_colors_info=\u00a0\u00bb{}\u00a0\u00bb custom_padding__hover=\u00a0\u00bb|||\u00a0\u00bb][et_pb_blurb title=\u00a0\u00bbIntervenante sociale et Permanences\u00a0\u00bb url=\u00a0\u00bbhttps:\/\/www.ecam.be\/intervenant-social\/\u00a0\u00bb url_new_window=\u00a0\u00bbon\u00a0\u00bb use_icon=\u00a0\u00bbon\u00a0\u00bb font_icon=\u00a0\u00bb&#xe01d;||divi||400&Prime; image_icon_width=\u00a0\u00bb50px\u00a0\u00bb _builder_version=\u00a0\u00bb4.16&Prime; header_font=\u00a0\u00bbSaira Extra Condensed|700||on|||||\u00a0\u00bb header_text_color=\u00a0\u00bb#7f918e\u00a0\u00bb header_font_size=\u00a0\u00bb30px\u00a0\u00bb header_letter_spacing=\u00a0\u00bb1px\u00a0\u00bb body_font=\u00a0\u00bbPoppins|300|||||||\u00a0\u00bb body_text_align=\u00a0\u00bbcenter\u00a0\u00bb body_text_color=\u00a0\u00bb#7f918e\u00a0\u00bb body_font_size=\u00a0\u00bb12px\u00a0\u00bb body_letter_spacing=\u00a0\u00bb1px\u00a0\u00bb body_line_height=\u00a0\u00bb1.8em\u00a0\u00bb text_orientation=\u00a0\u00bbcenter\u00a0\u00bb background_layout=\u00a0\u00bbdark\u00a0\u00bb animation_style=\u00a0\u00bbzoom\u00a0\u00bb animation_intensity_zoom=\u00a0\u00bb30%\u00a0\u00bb animation=\u00a0\u00bboff\u00a0\u00bb link_option_url=\u00a0\u00bbhttps:\/\/www.ecam.be\/intervenant-social\/\u00a0\u00bb link_option_url_new_window=\u00a0\u00bbon\u00a0\u00bb border_style_all=\u00a0\u00bbdashed\u00a0\u00bb icon_font_size=\u00a0\u00bb50px\u00a0\u00bb locked=\u00a0\u00bboff\u00a0\u00bb global_colors_info=\u00a0\u00bb{}\u00a0\u00bb][\/et_pb_blurb][\/et_pb_column][\/et_pb_row][et_pb_row _builder_version=\u00a0\u00bb4.16&Prime; global_colors_info=\u00a0\u00bb{}\u00a0\u00bb][et_pb_column type=\u00a0\u00bb4_4&Prime; _builder_version=\u00a0\u00bb4.16&Prime; custom_padding=\u00a0\u00bb|||\u00a0\u00bb global_colors_info=\u00a0\u00bb{}\u00a0\u00bb custom_padding__hover=\u00a0\u00bb|||\u00a0\u00bb][et_pb_text _builder_version=\u00a0\u00bb4.20.4&Prime; text_font=\u00a0\u00bbSaira Extra Condensed||||||||\u00a0\u00bb text_text_color=\u00a0\u00bb#1d2a85&Prime; text_font_size=\u00a0\u00bb40px\u00a0\u00bb global_colors_info=\u00a0\u00bb{}\u00a0\u00bb]<\/p>\n<p>Dates butoirs :<\/p>\n<p>[\/et_pb_text][et_pb_text _builder_version=\u00a0\u00bb4.16&Prime; text_font=\u00a0\u00bbPoppins||||||||\u00a0\u00bb global_colors_info=\u00a0\u00bb{}\u00a0\u00bb]<\/p>\n<p><span data-contrast=\"auto\"><span style=\"color: #e02b20;\"><strong>31 octobre<\/strong><\/span>\u202f: date limite de d\u00e9p\u00f4t d\u2019une demande de bourse d\u2019\u00e9tudes sur le site de la <\/span><b><span data-contrast=\"auto\">F\u00e9d\u00e9ration Wallonie-Bruxelles\u202f:<\/span><\/b> <a href=\"https:\/\/allocations-etudes.cfwb.be\/\"><span data-contrast=\"none\">Allocations d&rsquo;\u00c9tudes (bourse) F\u00e9d\u00e9ration Wallonie-Bruxelles &#8211; Allocations d&rsquo;\u00e9tudes (cfwb.be)<\/span><\/a><span data-ccp-props=\"{&quot;201341983&quot;:0,&quot;335559739&quot;:160,&quot;335559740&quot;:259}\">\u00a0<\/span><\/p>\n<p><span data-contrast=\"auto\"><span style=\"color: #e02b20;\"><strong>31 octobre<\/strong><\/span>\u202f: date limite de paiement des 50 euros de frais d\u2019inscription (sauf si une demande de bourse aupr\u00e8s de la F\u00e9d\u00e9ration Wallonie-Bruxelles est <\/span><b><span data-contrast=\"auto\">en cours<\/span><\/b><span data-contrast=\"auto\">).\u00a0<\/span><span data-ccp-props=\"{&quot;201341983&quot;:0,&quot;335559739&quot;:160,&quot;335559740&quot;:259}\">\u00a0<\/span><\/p>\n<p><span data-contrast=\"auto\"><span style=\"color: #e02b20;\"><strong>31 janvier<\/strong><\/span>\u202f: date limite du paiement du minerval (sauf si une demande de bourse d\u2019\u00e9tudes aupr\u00e8s de la F\u00e9d\u00e9ration Wallonie-Bruxelles est <\/span><b><span data-contrast=\"auto\">en cours<\/span><\/b><span data-contrast=\"auto\">).<\/span><span data-ccp-props=\"{&quot;201341983&quot;:0,&quot;335559739&quot;:160,&quot;335559740&quot;:259}\">\u00a0<\/span><\/p>\n<p><span data-contrast=\"auto\"><span style=\"color: #e02b20;\"><strong>31 janvier<\/strong><\/span>\u202f: date limite de d\u00e9p\u00f4t d\u2019une demande d\u2019aide financi\u00e8re aupr\u00e8s du <\/span><b><span data-contrast=\"auto\">service social de la Haute Ecole<\/span><\/b><span data-contrast=\"auto\"> pour le <\/span><b><span data-contrast=\"auto\">paiement principal du minerval<\/span><\/b><span data-contrast=\"auto\"> (sauf cas de forces majeures).\u00a0<\/span><span data-ccp-props=\"{&quot;201341983&quot;:0,&quot;335559739&quot;:160,&quot;335559740&quot;:259}\">\u00a0<\/span><\/p>\n<p><span data-contrast=\"auto\"><span style=\"color: #e02b20;\"><strong>30 avril<\/strong>\u202f<\/span>: date limite de d\u00e9p\u00f4t de demandes d\u2019aides financi\u00e8res diverses aupr\u00e8s du <\/span><b><span data-contrast=\"auto\">service social de la Haute Ecole<\/span><\/b><span data-contrast=\"auto\"> (sauf\u202fsi refus de bourse de la F\u00e9d\u00e9ration Wallonie-Bruxelles <\/span><b><span data-contrast=\"auto\">re\u00e7u apr\u00e8s le 30 avril<\/span><\/b><span data-contrast=\"auto\">, et\/ou cas de forces majeures tels que d\u00e9c\u00e8s dans la famille, ruptures familiales, etc.).<\/span><span data-ccp-props=\"{&quot;201341983&quot;:0,&quot;335559739&quot;:160,&quot;335559740&quot;:259}\">\u00a0<\/span><\/p>\n<p>[\/et_pb_text][\/et_pb_column][\/et_pb_row][\/et_pb_section][et_pb_section fb_built=\u00a0\u00bb1&Prime; _builder_version=\u00a0\u00bb4.20.4&Prime; _module_preset=\u00a0\u00bbdefault\u00a0\u00bb global_colors_info=\u00a0\u00bb{}\u00a0\u00bb][et_pb_row _builder_version=\u00a0\u00bb4.20.4&Prime; _module_preset=\u00a0\u00bbdefault\u00a0\u00bb global_colors_info=\u00a0\u00bb{}\u00a0\u00bb][et_pb_column type=\u00a0\u00bb4_4&Prime; _builder_version=\u00a0\u00bb4.20.4&Prime; _module_preset=\u00a0\u00bbdefault\u00a0\u00bb global_colors_info=\u00a0\u00bb{}\u00a0\u00bb][et_pb_text _builder_version=\u00a0\u00bb4.20.4&Prime; _module_preset=\u00a0\u00bbdefault\u00a0\u00bb global_colors_info=\u00a0\u00bb{}\u00a0\u00bb]<\/p>\n<p>\u00a0<b><span data-contrast=\"auto\">Comment contacter\u202fle service social ?\u00a0<\/span><\/b><span data-ccp-props=\"{&quot;201341983&quot;:0,&quot;335559739&quot;:0,&quot;335559740&quot;:256}\">\u00a0<\/span><\/p>\n<ul>\n<li data-leveltext=\"\uf0b7\" data-font=\"Symbol\" data-listid=\"4\" data-list-defn-props=\"{&quot;335552541&quot;:1,&quot;335559684&quot;:-2,&quot;335559685&quot;:720,&quot;335559991&quot;:360,&quot;469769226&quot;:&quot;Symbol&quot;,&quot;469769242&quot;:[8226],&quot;469777803&quot;:&quot;left&quot;,&quot;469777804&quot;:&quot;\uf0b7&quot;,&quot;469777815&quot;:&quot;hybridMultilevel&quot;}\" aria-setsize=\"-1\" data-aria-posinset=\"1\" data-aria-level=\"1\"><span data-contrast=\"auto\">Madame Oc\u00e9ane Dugauquier\u00a0 et Madame D\u00e9borah Jackson sont joignables par mail via l\u2019adresse suivante\u202f: <\/span><a href=\"mailto:social@ecam.be\"><span data-contrast=\"none\">social@ecam.be<\/span><\/a><span data-ccp-props=\"{&quot;201341983&quot;:0,&quot;335559739&quot;:0,&quot;335559740&quot;:256}\">\u00a0<\/span><\/li>\n<\/ul>\n<p><strong>Permanence<\/strong><span data-ccp-props=\"{&quot;201341983&quot;:0,&quot;335559739&quot;:0,&quot;335559740&quot;:256}\"><\/span><\/p>\n<p>&#8211; Lundi : 12H30 \u00e0 15h00 (Madame Dugauquier)<\/p>\n<p>&#8211; Mardi : pas de permanence<\/p>\n<p>&#8211; Mercredi : 9h30 \u00e0 12h15 et de 13h30 \u00e0 15h30 (Madame Jackson)<\/p>\n<p>&#8211; Jeudi : 9h30 \u00e0 12h00 et 12h45 \u00e0 15h00 (Madame Dugauquier)<\/p>\n<p>&#8211; Vendredi : 9h30 \u00e0 12h15 (Madame Jackson)<strong><\/strong><\/p>\n<p><strong><\/strong><\/p>\n<p><b><span data-contrast=\"auto\">O\u00f9 se trouve le service social\u202f?\u202f<\/span><\/b><span data-ccp-props=\"{&quot;201341983&quot;:0,&quot;335559739&quot;:40,&quot;335559740&quot;:256}\">\u00a0<\/span><\/p>\n<ul>\n<li data-leveltext=\"\uf0b7\" data-font=\"Symbol\" data-listid=\"5\" data-list-defn-props=\"{&quot;335552541&quot;:1,&quot;335559684&quot;:-2,&quot;335559685&quot;:720,&quot;335559991&quot;:360,&quot;469769226&quot;:&quot;Symbol&quot;,&quot;469769242&quot;:[8226],&quot;469777803&quot;:&quot;left&quot;,&quot;469777804&quot;:&quot;\uf0b7&quot;,&quot;469777815&quot;:&quot;hybridMultilevel&quot;}\" aria-setsize=\"-1\" data-aria-posinset=\"1\" data-aria-level=\"1\"><span data-contrast=\"auto\">Bureau 1C14<\/span><span data-ccp-props=\"{&quot;201341983&quot;:0,&quot;335559739&quot;:40,&quot;335559740&quot;:256}\">\u00a0<\/span><\/li>\n<\/ul>\n<p>[\/et_pb_text][et_pb_video src_webm=\u00a0\u00bbhttps:\/\/www.ecam.be\/wp-content\/uploads\/2023\/06\/IMG_7615.mov\u00a0\u00bb _builder_version=\u00a0\u00bb4.20.4&Prime; _module_preset=\u00a0\u00bbdefault\u00a0\u00bb global_colors_info=\u00a0\u00bb{}\u00a0\u00bb][\/et_pb_video][\/et_pb_column][\/et_pb_row][et_pb_row _builder_version=\u00a0\u00bb4.20.4&Prime; _module_preset=\u00a0\u00bbdefault\u00a0\u00bb global_colors_info=\u00a0\u00bb{}\u00a0\u00bb][et_pb_column type=\u00a0\u00bb4_4&Prime; _builder_version=\u00a0\u00bb4.20.4&Prime; _module_preset=\u00a0\u00bbdefault\u00a0\u00bb global_colors_info=\u00a0\u00bb{}\u00a0\u00bb][\/et_pb_column][\/et_pb_row][\/et_pb_section]<\/p>\n","protected":false},"excerpt":{"rendered":"<p>Le service social : une ressource pour l&rsquo;\u00e9tudiant Ch\u00e8re Etudiante, Cher Etudiant,\u00a0 Le service social est un lieu d\u2019\u00e9coute ouvert \u00e0 tous et \u00e0 tout type de demande. Tu y trouveras un accompagnement dans la r\u00e9solution de tes difficult\u00e9s ainsi qu\u2019une multitude d\u2019informations utiles.\u00a0 La confidentialit\u00e9 totale des entretiens est garantie gr\u00e2ce au secret professionnel [&hellip;]<\/p>\n","protected":false},"author":2,"featured_media":0,"parent":0,"menu_order":0,"comment_status":"closed","ping_status":"closed","template":"","meta":{"_et_pb_use_builder":"on","_et_pb_old_content":"","_et_gb_content_width":"","_monsterinsights_skip_tracking":false,"_monsterinsights_sitenote_active":false,"_monsterinsights_sitenote_note":"","_monsterinsights_sitenote_category":0,"footnotes":""},"class_list":["post-215","page","type-page","status-publish","hentry"],"yoast_head":"<!-- This site is optimized with the Yoast SEO plugin v27.5 - https:\/\/yoast.com\/product\/yoast-seo-wordpress\/ -->\n<title>Service social<\/title>\n<meta name=\"robots\" content=\"index, follow, max-snippet:-1, max-image-preview:large, max-video-preview:-1\" \/>\n<link rel=\"canonical\" href=\"https:\/\/www.ecam.be\/en\/service-social\/\" \/>\n<meta property=\"og:locale\" content=\"en_GB\" \/>\n<meta property=\"og:type\" content=\"article\" \/>\n<meta property=\"og:title\" content=\"Service social\" \/>\n<meta property=\"og:description\" content=\"Le service social : une ressource pour l&#039;\u00e9tudiant Ch\u00e8re Etudiante, Cher Etudiant,\u00a0 Le service social est un lieu d\u2019\u00e9coute ouvert \u00e0 tous et \u00e0 tout type de demande. Tu y trouveras un accompagnement dans la r\u00e9solution de tes difficult\u00e9s ainsi qu\u2019une multitude d\u2019informations utiles.\u00a0 La confidentialit\u00e9 totale des entretiens est garantie gr\u00e2ce au secret professionnel [&hellip;]\" \/>\n<meta property=\"og:url\" content=\"https:\/\/www.ecam.be\/en\/service-social\/\" \/>\n<meta property=\"og:site_name\" content=\"ECAM Bruxelles\" \/>\n<meta property=\"article:publisher\" content=\"https:\/\/www.facebook.com\/ecam.bruxelles\/\" \/>\n<meta property=\"article:modified_time\" content=\"2025-08-26T12:07:28+00:00\" \/>\n<meta property=\"og:image\" content=\"https:\/\/www.ecam.be\/wp-content\/uploads\/2023\/12\/logo_ECAM_entier_sansfond-2.png\" \/>\n\t<meta property=\"og:image:width\" content=\"1184\" \/>\n\t<meta property=\"og:image:height\" content=\"900\" \/>\n\t<meta property=\"og:image:type\" content=\"image\/png\" \/>\n<meta name=\"twitter:card\" content=\"summary_large_image\" \/>\n<meta name=\"twitter:label1\" content=\"Estimated reading time\" \/>\n\t<meta name=\"twitter:data1\" content=\"6 minutes\" \/>\n<script type=\"application\/ld+json\" class=\"yoast-schema-graph\">{\"@context\":\"https:\\\/\\\/schema.org\",\"@graph\":[{\"@type\":\"WebPage\",\"@id\":\"https:\\\/\\\/www.ecam.be\\\/service-social\\\/\",\"url\":\"https:\\\/\\\/www.ecam.be\\\/service-social\\\/\",\"name\":\"Service social\",\"isPartOf\":{\"@id\":\"https:\\\/\\\/www.ecam.be\\\/#website\"},\"datePublished\":\"2018-10-11T08:57:44+00:00\",\"dateModified\":\"2025-08-26T12:07:28+00:00\",\"breadcrumb\":{\"@id\":\"https:\\\/\\\/www.ecam.be\\\/service-social\\\/#breadcrumb\"},\"inLanguage\":\"en-GB\",\"potentialAction\":[{\"@type\":\"ReadAction\",\"target\":[\"https:\\\/\\\/www.ecam.be\\\/service-social\\\/\"]}]},{\"@type\":\"BreadcrumbList\",\"@id\":\"https:\\\/\\\/www.ecam.be\\\/service-social\\\/#breadcrumb\",\"itemListElement\":[{\"@type\":\"ListItem\",\"position\":1,\"name\":\"Accueil\",\"item\":\"https:\\\/\\\/www.ecam.be\\\/\"},{\"@type\":\"ListItem\",\"position\":2,\"name\":\"Service social\"}]},{\"@type\":\"WebSite\",\"@id\":\"https:\\\/\\\/www.ecam.be\\\/#website\",\"url\":\"https:\\\/\\\/www.ecam.be\\\/\",\"name\":\"ECAM Bruxelles\",\"description\":\"Le site officiel de l&#039;ECAM\",\"publisher\":{\"@id\":\"https:\\\/\\\/www.ecam.be\\\/#organization\"},\"potentialAction\":[{\"@type\":\"SearchAction\",\"target\":{\"@type\":\"EntryPoint\",\"urlTemplate\":\"https:\\\/\\\/www.ecam.be\\\/?s={search_term_string}\"},\"query-input\":{\"@type\":\"PropertyValueSpecification\",\"valueRequired\":true,\"valueName\":\"search_term_string\"}}],\"inLanguage\":\"en-GB\"},{\"@type\":\"Organization\",\"@id\":\"https:\\\/\\\/www.ecam.be\\\/#organization\",\"name\":\"ECAM Bruxelles\",\"url\":\"https:\\\/\\\/www.ecam.be\\\/\",\"logo\":{\"@type\":\"ImageObject\",\"inLanguage\":\"en-GB\",\"@id\":\"https:\\\/\\\/www.ecam.be\\\/#\\\/schema\\\/logo\\\/image\\\/\",\"url\":\"https:\\\/\\\/www.ecam.be\\\/wp-content\\\/uploads\\\/2023\\\/12\\\/logo_ECAM_entier_sansfond-2.png\",\"contentUrl\":\"https:\\\/\\\/www.ecam.be\\\/wp-content\\\/uploads\\\/2023\\\/12\\\/logo_ECAM_entier_sansfond-2.png\",\"width\":1184,\"height\":900,\"caption\":\"ECAM Bruxelles\"},\"image\":{\"@id\":\"https:\\\/\\\/www.ecam.be\\\/#\\\/schema\\\/logo\\\/image\\\/\"},\"sameAs\":[\"https:\\\/\\\/www.facebook.com\\\/ecam.bruxelles\\\/\",\"https:\\\/\\\/www.instagram.com\\\/ecam.bruxelles\\\/?hl=fr\",\"https:\\\/\\\/www.linkedin.com\\\/school\\\/ecam-brussels-engineering-school\\\/\"]}]}<\/script>\n<!-- \/ Yoast SEO plugin. -->","yoast_head_json":{"title":"Social Services","robots":{"index":"index","follow":"follow","max-snippet":"max-snippet:-1","max-image-preview":"max-image-preview:large","max-video-preview":"max-video-preview:-1"},"canonical":"https:\/\/www.ecam.be\/en\/service-social\/","og_locale":"en_GB","og_type":"article","og_title":"Service social","og_description":"Le service social : une ressource pour l'\u00e9tudiant Ch\u00e8re Etudiante, Cher Etudiant,\u00a0 Le service social est un lieu d\u2019\u00e9coute ouvert \u00e0 tous et \u00e0 tout type de demande. Tu y trouveras un accompagnement dans la r\u00e9solution de tes difficult\u00e9s ainsi qu\u2019une multitude d\u2019informations utiles.\u00a0 La confidentialit\u00e9 totale des entretiens est garantie gr\u00e2ce au secret professionnel [&hellip;]","og_url":"https:\/\/www.ecam.be\/en\/service-social\/","og_site_name":"ECAM Bruxelles","article_publisher":"https:\/\/www.facebook.com\/ecam.bruxelles\/","article_modified_time":"2025-08-26T12:07:28+00:00","og_image":[{"width":1184,"height":900,"url":"https:\/\/www.ecam.be\/wp-content\/uploads\/2023\/12\/logo_ECAM_entier_sansfond-2.png","type":"image\/png"}],"twitter_card":"summary_large_image","twitter_misc":{"Estimated reading time":"6 minutes"},"schema":{"@context":"https:\/\/schema.org","@graph":[{"@type":"WebPage","@id":"https:\/\/www.ecam.be\/service-social\/","url":"https:\/\/www.ecam.be\/service-social\/","name":"Social Services","isPartOf":{"@id":"https:\/\/www.ecam.be\/#website"},"datePublished":"2018-10-11T08:57:44+00:00","dateModified":"2025-08-26T12:07:28+00:00","breadcrumb":{"@id":"https:\/\/www.ecam.be\/service-social\/#breadcrumb"},"inLanguage":"en-GB","potentialAction":[{"@type":"ReadAction","target":["https:\/\/www.ecam.be\/service-social\/"]}]},{"@type":"BreadcrumbList","@id":"https:\/\/www.ecam.be\/service-social\/#breadcrumb","itemListElement":[{"@type":"ListItem","position":1,"name":"Accueil","item":"https:\/\/www.ecam.be\/"},{"@type":"ListItem","position":2,"name":"Service social"}]},{"@type":"WebSite","@id":"https:\/\/www.ecam.be\/#website","url":"https:\/\/www.ecam.be\/","name":"ECAM Bruxelles","description":"Le site officiel de l&#039;ECAM","publisher":{"@id":"https:\/\/www.ecam.be\/#organization"},"potentialAction":[{"@type":"SearchAction","target":{"@type":"EntryPoint","urlTemplate":"https:\/\/www.ecam.be\/?s={search_term_string}"},"query-input":{"@type":"PropertyValueSpecification","valueRequired":true,"valueName":"search_term_string"}}],"inLanguage":"en-GB"},{"@type":"Organization","@id":"https:\/\/www.ecam.be\/#organization","name":"ECAM Bruxelles","url":"https:\/\/www.ecam.be\/","logo":{"@type":"ImageObject","inLanguage":"en-GB","@id":"https:\/\/www.ecam.be\/#\/schema\/logo\/image\/","url":"https:\/\/www.ecam.be\/wp-content\/uploads\/2023\/12\/logo_ECAM_entier_sansfond-2.png","contentUrl":"https:\/\/www.ecam.be\/wp-content\/uploads\/2023\/12\/logo_ECAM_entier_sansfond-2.png","width":1184,"height":900,"caption":"ECAM Bruxelles"},"image":{"@id":"https:\/\/www.ecam.be\/#\/schema\/logo\/image\/"},"sameAs":["https:\/\/www.facebook.com\/ecam.bruxelles\/","https:\/\/www.instagram.com\/ecam.bruxelles\/?hl=fr","https:\/\/www.linkedin.com\/school\/ecam-brussels-engineering-school\/"]}]}},"_links":{"self":[{"href":"https:\/\/www.ecam.be\/en\/wp-json\/wp\/v2\/pages\/215","targetHints":{"allow":["GET"]}}],"collection":[{"href":"https:\/\/www.ecam.be\/en\/wp-json\/wp\/v2\/pages"}],"about":[{"href":"https:\/\/www.ecam.be\/en\/wp-json\/wp\/v2\/types\/page"}],"author":[{"embeddable":true,"href":"https:\/\/www.ecam.be\/en\/wp-json\/wp\/v2\/users\/2"}],"replies":[{"embeddable":true,"href":"https:\/\/www.ecam.be\/en\/wp-json\/wp\/v2\/comments?post=215"}],"version-history":[{"count":2,"href":"https:\/\/www.ecam.be\/en\/wp-json\/wp\/v2\/pages\/215\/revisions"}],"predecessor-version":[{"id":11021,"href":"https:\/\/www.ecam.be\/en\/wp-json\/wp\/v2\/pages\/215\/revisions\/11021"}],"wp:attachment":[{"href":"https:\/\/www.ecam.be\/en\/wp-json\/wp\/v2\/media?parent=215"}],"curies":[{"name":"wp","href":"https:\/\/api.w.org\/{rel}","templated":true}]}}