{"id":9020,"date":"2022-09-13T09:08:50","date_gmt":"2022-09-13T07:08:50","guid":{"rendered":"https:\/\/www.ecam.be\/?page_id=9020"},"modified":"2025-10-11T20:13:57","modified_gmt":"2025-10-11T18:13:57","slug":"ateliers-sar","status":"publish","type":"page","link":"https:\/\/www.ecam.be\/en\/sar\/ateliers-sar\/","title":{"rendered":"Ateliers en m\u00e9thode de travail"},"content":{"rendered":"<p>[et_pb_section fb_built=\u00a0\u00bb1&Prime; _builder_version=\u00a0\u00bb4.16&Prime; custom_padding=\u00a0\u00bb||0px|||\u00a0\u00bb global_colors_info=\u00a0\u00bb{}\u00a0\u00bb][et_pb_row _builder_version=\u00a0\u00bb4.16&Prime; global_colors_info=\u00a0\u00bb{}\u00a0\u00bb][et_pb_column type=\u00a0\u00bb4_4&Prime; _builder_version=\u00a0\u00bb4.16&Prime; custom_padding=\u00a0\u00bb|||\u00a0\u00bb global_colors_info=\u00a0\u00bb{}\u00a0\u00bb custom_padding__hover=\u00a0\u00bb|||\u00a0\u00bb][et_pb_text _builder_version=\u00a0\u00bb4.18.0&Prime; text_font=\u00a0\u00bbSaira Extra Condensed||||||||\u00a0\u00bb text_text_color=\u00a0\u00bb#1d2a85&Prime; text_font_size=\u00a0\u00bb40px\u00a0\u00bb global_colors_info=\u00a0\u00bb{}\u00a0\u00bb]<\/p>\n<p>Ateliers en m\u00e9thode de travail<\/p>\n<p>[\/et_pb_text][\/et_pb_column][\/et_pb_row][et_pb_row _builder_version=\u00a0\u00bb4.16&Prime; custom_padding=\u00a0\u00bb13.4833px|0px|0|0px|false|false\u00a0\u00bb global_colors_info=\u00a0\u00bb{}\u00a0\u00bb][et_pb_column type=\u00a0\u00bb4_4&Prime; _builder_version=\u00a0\u00bb4.16&Prime; custom_padding=\u00a0\u00bb|||\u00a0\u00bb global_colors_info=\u00a0\u00bb{}\u00a0\u00bb custom_padding__hover=\u00a0\u00bb|||\u00a0\u00bb][et_pb_text _builder_version=\u00a0\u00bb4.20.4&Prime; text_font=\u00a0\u00bbPoppins||||||||\u00a0\u00bb custom_padding=\u00a0\u00bb|||3px||\u00a0\u00bb global_colors_info=\u00a0\u00bb{}\u00a0\u00bb]<\/p>\n<p><span style=\"font-size: medium;\"><\/span><\/p>\n<p><span style=\"font-size: medium;\"><\/span><\/p>\n<p><span style=\"font-size: medium;\"><span>Boost\u2019UP<\/span> offre l&rsquo;opportunit\u00e9 aux \u00e9tudiant\u00b7es d\u00e9j\u00e0 inscrit\u00b7es \u00e0 l&rsquo;ECAM (quelle que soit leur ann\u00e9e) de participer \u00e0 des ateliers (gratuits) en m\u00e9thode de travail.\u00a0<\/span><span style=\"font-size: medium;\"><\/span><\/p>\n<p><span style=\"font-size: medium;\">Les horaires sont disponibles sur <a href=\"https:\/\/calendar.ecam.be\/#?ics=ecl\">calendar<\/a>.<\/span><\/p>\n<p><span style=\"font-size: medium;\">Comme les places sont limit\u00e9es, vous \u00eates invit\u00e9\u00b7e \u00e0 vous inscrire via <a href=\"https:\/\/plus.ecam.be\/sar\/inscription_atelier\">https:\/\/plus.ecam.be\/sar\/inscription_atelier<\/a><\/span><span style=\"font-size: medium;\">.\u00a0<\/span><span style=\"font-size: medium;\"><\/span><\/p>\n<p><span style=\"font-size: medium;\"><span>De nombreuses ressources li\u00e9es aux ateliers (dont un syllabus complet) sont mises \u00e0 votre disposition sur <a href=\"https:\/\/claco.ecam.be\/#\/desktop\/workspaces\/open\/ecam-sar\">Claco<\/a>.<\/span><\/span><\/p>\n<p><span style=\"font-size: medium;\"><\/span><\/p>\n<p><span style=\"font-size: medium;\"><span><span lang=\"FR\">Ces ateliers sont d\u00e9di\u00e9s \u00e0 l\u2019approche par la r\u00e9flexion et la pratique de diff\u00e9rentes comp\u00e9tences qui sont requises dans l\u2019enseignement sup\u00e9rieur et g\u00e9n\u00e9ralement non enseign\u00e9es avant l\u2019arriv\u00e9e dans le sup\u00e9rieur, le tout dans une atmosph\u00e8re d\u00e9tendue et bienveillante. <\/span><\/span><\/span><\/p>\n<p><span style=\"font-size: medium;\"><span><span lang=\"FR\">Au-del\u00e0 de doter les <span class=\"SpellE\">\u00e9tudiant\u00b7es <\/span>de nouveaux outils, l\u2019objectif des ateliers est de rendre les <span class=\"SpellE\">participant\u00b7es<\/span> autonomes face \u00e0 leurs difficult\u00e9s\/doutes\/interrogations\u202fen les encourageant \u00e0 se poser les bonnes questions et \u00e0 essayer diff\u00e9rentes solutions.<\/span><\/span><span>\u00a0<\/span><\/span><\/p>\n<p>[\/et_pb_text][\/et_pb_column][\/et_pb_row][\/et_pb_section][et_pb_section fb_built=\u00a0\u00bb1&Prime; _builder_version=\u00a0\u00bb4.16&Prime; _module_preset=\u00a0\u00bbdefault\u00a0\u00bb custom_padding=\u00a0\u00bb42px|||||\u00a0\u00bb global_colors_info=\u00a0\u00bb{}\u00a0\u00bb][et_pb_row _builder_version=\u00a0\u00bb4.17.1&Prime; _module_preset=\u00a0\u00bbdefault\u00a0\u00bb global_colors_info=\u00a0\u00bb{}\u00a0\u00bb][et_pb_column type=\u00a0\u00bb4_4&Prime; _builder_version=\u00a0\u00bb4.17.1&Prime; _module_preset=\u00a0\u00bbdefault\u00a0\u00bb global_colors_info=\u00a0\u00bb{}\u00a0\u00bb][et_pb_text _builder_version=\u00a0\u00bb4.17.1&Prime; _module_preset=\u00a0\u00bbdefault\u00a0\u00bb locked=\u00a0\u00bboff\u00a0\u00bb global_colors_info=\u00a0\u00bb{}\u00a0\u00bb]<\/p>\n<p>&nbsp;<\/p>\n<h2><span style=\"color: #000080;\">Contact :\u00a0 \u00a0 \u00a0 \u00a0 \u00a0 \u00a0 \u00a0 \u00a0 \u00a0 \u00a0 \u00a0<\/span><\/h2>\n<p><span style=\"font-size: medium;\">\u00c9lise Clin<br \/><a href=\"mailto:reussite@ecam.be\">reussite@ecam.be<\/a><\/span><\/p>\n<p>[\/et_pb_text][\/et_pb_column][\/et_pb_row][\/et_pb_section]<\/p>\n","protected":false},"excerpt":{"rendered":"<p>Ateliers en m\u00e9thode de travail Boost\u2019UP offre l&rsquo;opportunit\u00e9 aux \u00e9tudiant\u00b7es d\u00e9j\u00e0 inscrit\u00b7es \u00e0 l&rsquo;ECAM (quelle que soit leur ann\u00e9e) de participer \u00e0 des ateliers (gratuits) en m\u00e9thode de travail.\u00a0 Les horaires sont disponibles sur calendar. Comme les places sont limit\u00e9es, vous \u00eates invit\u00e9\u00b7e \u00e0 vous inscrire via https:\/\/plus.ecam.be\/sar\/inscription_atelier.\u00a0 De nombreuses ressources li\u00e9es aux ateliers (dont [&hellip;]<\/p>\n","protected":false},"author":6,"featured_media":0,"parent":213,"menu_order":0,"comment_status":"closed","ping_status":"closed","template":"","meta":{"_et_pb_use_builder":"on","_et_pb_old_content":"","_et_gb_content_width":"","_monsterinsights_skip_tracking":false,"_monsterinsights_sitenote_active":false,"_monsterinsights_sitenote_note":"","_monsterinsights_sitenote_category":0,"footnotes":""},"class_list":["post-9020","page","type-page","status-publish","hentry"],"yoast_head":"<!-- This site is optimized with the Yoast SEO plugin v27.4 - https:\/\/yoast.com\/product\/yoast-seo-wordpress\/ -->\n<title>Ateliers en m\u00e9thode de travail<\/title>\n<meta name=\"robots\" content=\"index, follow, max-snippet:-1, max-image-preview:large, max-video-preview:-1\" \/>\n<link rel=\"canonical\" href=\"https:\/\/www.ecam.be\/en\/sar\/ateliers-sar\/\" \/>\n<meta property=\"og:locale\" content=\"en_GB\" \/>\n<meta property=\"og:type\" content=\"article\" \/>\n<meta property=\"og:title\" content=\"Ateliers en m\u00e9thode de travail\" \/>\n<meta property=\"og:description\" content=\"Ateliers en m\u00e9thode de travail Boost\u2019UP offre l&#039;opportunit\u00e9 aux \u00e9tudiant\u00b7es d\u00e9j\u00e0 inscrit\u00b7es \u00e0 l&#039;ECAM (quelle que soit leur ann\u00e9e) de participer \u00e0 des ateliers (gratuits) en m\u00e9thode de travail.\u00a0 Les horaires sont disponibles sur calendar. Comme les places sont limit\u00e9es, vous \u00eates invit\u00e9\u00b7e \u00e0 vous inscrire via https:\/\/plus.ecam.be\/sar\/inscription_atelier.\u00a0 De nombreuses ressources li\u00e9es aux ateliers (dont [&hellip;]\" \/>\n<meta property=\"og:url\" content=\"https:\/\/www.ecam.be\/en\/sar\/ateliers-sar\/\" \/>\n<meta property=\"og:site_name\" content=\"ECAM Bruxelles\" \/>\n<meta property=\"article:publisher\" content=\"https:\/\/www.facebook.com\/ecam.bruxelles\/\" \/>\n<meta property=\"article:modified_time\" content=\"2025-10-11T18:13:57+00:00\" \/>\n<meta property=\"og:image\" content=\"https:\/\/www.ecam.be\/wp-content\/uploads\/2023\/12\/logo_ECAM_entier_sansfond-2.png\" \/>\n\t<meta property=\"og:image:width\" content=\"1184\" \/>\n\t<meta property=\"og:image:height\" content=\"900\" \/>\n\t<meta property=\"og:image:type\" content=\"image\/png\" \/>\n<meta name=\"twitter:card\" content=\"summary_large_image\" \/>\n<meta name=\"twitter:label1\" content=\"Estimated reading time\" \/>\n\t<meta name=\"twitter:data1\" content=\"3 minutes\" \/>\n<script type=\"application\/ld+json\" class=\"yoast-schema-graph\">{\"@context\":\"https:\\\/\\\/schema.org\",\"@graph\":[{\"@type\":\"WebPage\",\"@id\":\"https:\\\/\\\/www.ecam.be\\\/sar\\\/ateliers-sar\\\/\",\"url\":\"https:\\\/\\\/www.ecam.be\\\/sar\\\/ateliers-sar\\\/\",\"name\":\"Ateliers en m\u00e9thode de travail\",\"isPartOf\":{\"@id\":\"https:\\\/\\\/www.ecam.be\\\/#website\"},\"datePublished\":\"2022-09-13T07:08:50+00:00\",\"dateModified\":\"2025-10-11T18:13:57+00:00\",\"breadcrumb\":{\"@id\":\"https:\\\/\\\/www.ecam.be\\\/sar\\\/ateliers-sar\\\/#breadcrumb\"},\"inLanguage\":\"en-GB\",\"potentialAction\":[{\"@type\":\"ReadAction\",\"target\":[\"https:\\\/\\\/www.ecam.be\\\/sar\\\/ateliers-sar\\\/\"]}]},{\"@type\":\"BreadcrumbList\",\"@id\":\"https:\\\/\\\/www.ecam.be\\\/sar\\\/ateliers-sar\\\/#breadcrumb\",\"itemListElement\":[{\"@type\":\"ListItem\",\"position\":1,\"name\":\"Accueil\",\"item\":\"https:\\\/\\\/www.ecam.be\\\/\"},{\"@type\":\"ListItem\",\"position\":2,\"name\":\"SAR ECAM\",\"item\":\"https:\\\/\\\/www.ecam.be\\\/sar\\\/\"},{\"@type\":\"ListItem\",\"position\":3,\"name\":\"Ateliers en m\u00e9thode de travail\"}]},{\"@type\":\"WebSite\",\"@id\":\"https:\\\/\\\/www.ecam.be\\\/#website\",\"url\":\"https:\\\/\\\/www.ecam.be\\\/\",\"name\":\"ECAM Bruxelles\",\"description\":\"Le site officiel de l&#039;ECAM\",\"publisher\":{\"@id\":\"https:\\\/\\\/www.ecam.be\\\/#organization\"},\"potentialAction\":[{\"@type\":\"SearchAction\",\"target\":{\"@type\":\"EntryPoint\",\"urlTemplate\":\"https:\\\/\\\/www.ecam.be\\\/?s={search_term_string}\"},\"query-input\":{\"@type\":\"PropertyValueSpecification\",\"valueRequired\":true,\"valueName\":\"search_term_string\"}}],\"inLanguage\":\"en-GB\"},{\"@type\":\"Organization\",\"@id\":\"https:\\\/\\\/www.ecam.be\\\/#organization\",\"name\":\"ECAM Bruxelles\",\"url\":\"https:\\\/\\\/www.ecam.be\\\/\",\"logo\":{\"@type\":\"ImageObject\",\"inLanguage\":\"en-GB\",\"@id\":\"https:\\\/\\\/www.ecam.be\\\/#\\\/schema\\\/logo\\\/image\\\/\",\"url\":\"https:\\\/\\\/www.ecam.be\\\/wp-content\\\/uploads\\\/2023\\\/12\\\/logo_ECAM_entier_sansfond-2.png\",\"contentUrl\":\"https:\\\/\\\/www.ecam.be\\\/wp-content\\\/uploads\\\/2023\\\/12\\\/logo_ECAM_entier_sansfond-2.png\",\"width\":1184,\"height\":900,\"caption\":\"ECAM Bruxelles\"},\"image\":{\"@id\":\"https:\\\/\\\/www.ecam.be\\\/#\\\/schema\\\/logo\\\/image\\\/\"},\"sameAs\":[\"https:\\\/\\\/www.facebook.com\\\/ecam.bruxelles\\\/\",\"https:\\\/\\\/www.instagram.com\\\/ecam.bruxelles\\\/?hl=fr\",\"https:\\\/\\\/www.linkedin.com\\\/school\\\/ecam-brussels-engineering-school\\\/\"]}]}<\/script>\n<!-- \/ Yoast SEO plugin. -->","yoast_head_json":{"title":"Ateliers en m\u00e9thode de travail","robots":{"index":"index","follow":"follow","max-snippet":"max-snippet:-1","max-image-preview":"max-image-preview:large","max-video-preview":"max-video-preview:-1"},"canonical":"https:\/\/www.ecam.be\/en\/sar\/ateliers-sar\/","og_locale":"en_GB","og_type":"article","og_title":"Ateliers en m\u00e9thode de travail","og_description":"Ateliers en m\u00e9thode de travail Boost\u2019UP offre l'opportunit\u00e9 aux \u00e9tudiant\u00b7es d\u00e9j\u00e0 inscrit\u00b7es \u00e0 l'ECAM (quelle que soit leur ann\u00e9e) de participer \u00e0 des ateliers (gratuits) en m\u00e9thode de travail.\u00a0 Les horaires sont disponibles sur calendar. Comme les places sont limit\u00e9es, vous \u00eates invit\u00e9\u00b7e \u00e0 vous inscrire via https:\/\/plus.ecam.be\/sar\/inscription_atelier.\u00a0 De nombreuses ressources li\u00e9es aux ateliers (dont [&hellip;]","og_url":"https:\/\/www.ecam.be\/en\/sar\/ateliers-sar\/","og_site_name":"ECAM Bruxelles","article_publisher":"https:\/\/www.facebook.com\/ecam.bruxelles\/","article_modified_time":"2025-10-11T18:13:57+00:00","og_image":[{"width":1184,"height":900,"url":"https:\/\/www.ecam.be\/wp-content\/uploads\/2023\/12\/logo_ECAM_entier_sansfond-2.png","type":"image\/png"}],"twitter_card":"summary_large_image","twitter_misc":{"Estimated reading time":"3 minutes"},"schema":{"@context":"https:\/\/schema.org","@graph":[{"@type":"WebPage","@id":"https:\/\/www.ecam.be\/sar\/ateliers-sar\/","url":"https:\/\/www.ecam.be\/sar\/ateliers-sar\/","name":"Ateliers en m\u00e9thode de travail","isPartOf":{"@id":"https:\/\/www.ecam.be\/#website"},"datePublished":"2022-09-13T07:08:50+00:00","dateModified":"2025-10-11T18:13:57+00:00","breadcrumb":{"@id":"https:\/\/www.ecam.be\/sar\/ateliers-sar\/#breadcrumb"},"inLanguage":"en-GB","potentialAction":[{"@type":"ReadAction","target":["https:\/\/www.ecam.be\/sar\/ateliers-sar\/"]}]},{"@type":"BreadcrumbList","@id":"https:\/\/www.ecam.be\/sar\/ateliers-sar\/#breadcrumb","itemListElement":[{"@type":"ListItem","position":1,"name":"Accueil","item":"https:\/\/www.ecam.be\/"},{"@type":"ListItem","position":2,"name":"SAR ECAM","item":"https:\/\/www.ecam.be\/sar\/"},{"@type":"ListItem","position":3,"name":"Ateliers en m\u00e9thode de travail"}]},{"@type":"WebSite","@id":"https:\/\/www.ecam.be\/#website","url":"https:\/\/www.ecam.be\/","name":"ECAM Bruxelles","description":"Le site officiel de l&#039;ECAM","publisher":{"@id":"https:\/\/www.ecam.be\/#organization"},"potentialAction":[{"@type":"SearchAction","target":{"@type":"EntryPoint","urlTemplate":"https:\/\/www.ecam.be\/?s={search_term_string}"},"query-input":{"@type":"PropertyValueSpecification","valueRequired":true,"valueName":"search_term_string"}}],"inLanguage":"en-GB"},{"@type":"Organization","@id":"https:\/\/www.ecam.be\/#organization","name":"ECAM Bruxelles","url":"https:\/\/www.ecam.be\/","logo":{"@type":"ImageObject","inLanguage":"en-GB","@id":"https:\/\/www.ecam.be\/#\/schema\/logo\/image\/","url":"https:\/\/www.ecam.be\/wp-content\/uploads\/2023\/12\/logo_ECAM_entier_sansfond-2.png","contentUrl":"https:\/\/www.ecam.be\/wp-content\/uploads\/2023\/12\/logo_ECAM_entier_sansfond-2.png","width":1184,"height":900,"caption":"ECAM Bruxelles"},"image":{"@id":"https:\/\/www.ecam.be\/#\/schema\/logo\/image\/"},"sameAs":["https:\/\/www.facebook.com\/ecam.bruxelles\/","https:\/\/www.instagram.com\/ecam.bruxelles\/?hl=fr","https:\/\/www.linkedin.com\/school\/ecam-brussels-engineering-school\/"]}]}},"_links":{"self":[{"href":"https:\/\/www.ecam.be\/en\/wp-json\/wp\/v2\/pages\/9020","targetHints":{"allow":["GET"]}}],"collection":[{"href":"https:\/\/www.ecam.be\/en\/wp-json\/wp\/v2\/pages"}],"about":[{"href":"https:\/\/www.ecam.be\/en\/wp-json\/wp\/v2\/types\/page"}],"author":[{"embeddable":true,"href":"https:\/\/www.ecam.be\/en\/wp-json\/wp\/v2\/users\/6"}],"replies":[{"embeddable":true,"href":"https:\/\/www.ecam.be\/en\/wp-json\/wp\/v2\/comments?post=9020"}],"version-history":[{"count":2,"href":"https:\/\/www.ecam.be\/en\/wp-json\/wp\/v2\/pages\/9020\/revisions"}],"predecessor-version":[{"id":11035,"href":"https:\/\/www.ecam.be\/en\/wp-json\/wp\/v2\/pages\/9020\/revisions\/11035"}],"up":[{"embeddable":true,"href":"https:\/\/www.ecam.be\/en\/wp-json\/wp\/v2\/pages\/213"}],"wp:attachment":[{"href":"https:\/\/www.ecam.be\/en\/wp-json\/wp\/v2\/media?parent=9020"}],"curies":[{"name":"wp","href":"https:\/\/api.w.org\/{rel}","templated":true}]}}